{"id":8301,"date":"2020-11-19T23:08:42","date_gmt":"2020-11-19T22:08:42","guid":{"rendered":"https:\/\/galavito.cz\/?page_id=8301"},"modified":"2020-12-08T19:52:18","modified_gmt":"2020-12-08T18:52:18","slug":"venkovni-vyhrivane-stolky-s-inovativnim-infracervenym-zaricem-umistenym-v-podnozi","status":"publish","type":"page","link":"https:\/\/galavito.cz\/fr\/","title":{"rendered":"Tables chauffantes ext\u00e9rieures Galavito Heating Table  avec chauffage infrarouge innovant cach\u00e9 dans la base de la table"},"content":{"rendered":"<section class=\"l-section wpb_row height_auto width_full\"><div class=\"l-section-overlay\" style=\"background:#222222\"><\/div><div class=\"l-section-h i-cf\"><div class=\"g-cols vc_row via_flex valign_top type_default stacking_default\"><div class=\"vc_col-sm-12 wpb_column vc_column_container\"><div class=\"vc_column-inner\"><div class=\"wpb_wrapper\"><div class=\"w-image align_none\"><div class=\"w-image-h\"><img decoding=\"async\" width=\"2500\" height=\"1583\" src=\"https:\/\/galavito.cz\/wp-content\/uploads\/2019\/11\/stolky-2500px.jpg\" class=\"attachment-full size-full\" alt=\"\" loading=\"lazy\" srcset=\"https:\/\/galavito.cz\/wp-content\/uploads\/2019\/11\/stolky-2500px.jpg 2500w, https:\/\/galavito.cz\/wp-content\/uploads\/2019\/11\/stolky-2500px-300x190.jpg 300w, https:\/\/galavito.cz\/wp-content\/uploads\/2019\/11\/stolky-2500px-1024x648.jpg 1024w, https:\/\/galavito.cz\/wp-content\/uploads\/2019\/11\/stolky-2500px-1536x973.jpg 1536w, https:\/\/galavito.cz\/wp-content\/uploads\/2019\/11\/stolky-2500px-2048x1297.jpg 2048w, https:\/\/galavito.cz\/wp-content\/uploads\/2019\/11\/stolky-2500px-600x380.jpg 600w\" sizes=\"auto, (max-width: 2500px) 100vw, 2500px\" \/><\/div><\/div><\/div><\/div><\/div><\/div><\/div><\/section><section class=\"l-section wpb_row height_small\"><div class=\"l-section-overlay\" style=\"background:#ffffff\"><\/div><div class=\"l-section-h i-cf\"><div class=\"g-cols vc_row via_flex valign_top type_default stacking_default\"><div class=\"vc_col-sm-8 vc_col-lg-8 vc_col-md-6 vc_col-xs-12 wpb_column vc_column_container\"><div class=\"vc_column-inner\"><div class=\"wpb_wrapper\"><div class=\"wpb_text_column\"><div class=\"wpb_wrapper\"><h1>Tables chauffantes ext\u00e9rieures Galavito Heating Table avec chauffage infrarouge innovant cach\u00e9 dans la base de la table<\/h1>\n<p>Offrez \u00e0 vos invit\u00e9s le plaisir de s&rsquo;asseoir a l\u00b4ext\u00e9rieur, m\u00eame s&rsquo;il fait froid dehors. Les tables chauffantes conviennent parfaitement \u00e0 l&rsquo;ext\u00e9rieur des restaurants et des caf\u00e9s, o\u00f9 elles r\u00e9chauffent agr\u00e9ablement les clients de leurs pieds et les enchantent avec des sourires d\u00e9tendus sur leurs visages.<\/p>\n<p>La table chauffante est \u00e9galement un excellent ajout \u00e0 votre maison qui vous permet de maximiser le temps de d\u00e9tente que vous passez \u00e0 l&rsquo;ext\u00e9rieur, que ce soit sur votre terrasse ou votre pergola.<\/p>\n<\/div><\/div><\/div><\/div><\/div><div class=\"vc_col-sm-4 vc_col-lg-4 vc_col-md-6 vc_col-xs-12 wpb_column vc_column_container\"><div class=\"vc_column-inner\"><div class=\"wpb_wrapper\"><div class=\"w-image align_center\"><div class=\"w-image-h\"><img decoding=\"async\" width=\"900\" height=\"692\" src=\"https:\/\/galavito.cz\/wp-content\/uploads\/2019\/08\/stolky.jpg\" class=\"attachment-full size-full\" alt=\"\" loading=\"lazy\" srcset=\"https:\/\/galavito.cz\/wp-content\/uploads\/2019\/08\/stolky.jpg 900w, https:\/\/galavito.cz\/wp-content\/uploads\/2019\/08\/stolky-300x231.jpg 300w, https:\/\/galavito.cz\/wp-content\/uploads\/2019\/08\/stolky-600x461.jpg 600w\" sizes=\"auto, (max-width: 900px) 100vw, 900px\" \/><\/div><\/div><div class=\"w-separator size_small\"><\/div><div class=\"w-btn-wrapper align_justify\"><a class=\"w-btn us-btn-style_1 icon_atleft\" href=\"\/vyhrivany-stolek-resto\/\"><i class=\"fas fa-shopping-cart\"><\/i><span class=\"w-btn-label\">Table chauffante RESTO<\/span><\/a><\/div><div class=\"w-btn-wrapper align_justify\"><a class=\"w-btn us-btn-style_1 icon_atleft\" href=\"\/vyhrivany-stolek-bistro-duo\/\"><i class=\"fas fa-shopping-cart\"><\/i><span class=\"w-btn-label\">Table chauffante BISTRO DUO<\/span><\/a><\/div><\/div><\/div><\/div><\/div><\/div><\/section><section class=\"l-section wpb_row height_auto width_full color_primary\"><div class=\"l-section-h i-cf\"><div class=\"g-cols vc_row via_flex valign_top type_default stacking_default\"><div class=\"vc_col-sm-12 wpb_column vc_column_container\"><div class=\"vc_column-inner\"><div class=\"wpb_wrapper\"><div class=\"w-grid us_grid type_grid layout_portfolio_compact cols_6 valign_center preload_style_spinner ratio_1x1\" id=\"us_grid_1\" style=\"--columns:6;--item-ratio:1;\" data-filterable=\"true\"><style>@media (max-width:1024px){#us_grid_1{--columns:3!important}}@media (max-width:600px){#us_grid_1{--columns:2!important}}.layout_portfolio_compact .w-grid-item-h{}.layout_portfolio_compact .usg_vwrapper_1{transition-duration:0.3s;transform-origin:50% 50%;transform:scale(1) translate(0%,0%);opacity:0}.layout_portfolio_compact .w-grid-item-h:focus-within .usg_vwrapper_1,.layout_portfolio_compact .w-grid-item-h:hover .usg_vwrapper_1{transform:scale(1) translate(0%,0%);opacity:1}.layout_portfolio_compact .usg_post_image_1{position:absolute!important;top:0!important;right:0!important;bottom:0!important;left:0!important}.layout_portfolio_compact .usg_vwrapper_1{position:absolute!important;top:0!important;right:0!important;bottom:0!important;left:0!important;padding:0.5rem!important;background:rgba(0,0,0,0.8)!important}.layout_portfolio_compact .usg_post_title_1{color:#fff!important;font-size:11px!important;line-height:1.4!important}<\/style><div class=\"w-grid-list\">\t<article class=\"w-grid-item size_1x1 post-9911 us_portfolio type-us_portfolio status-publish has-post-thumbnail hentry\" data-id=\"9911\">\r\n\t\t<div class=\"w-grid-item-h\">\r\n\t\t\t\t\t\t<div class=\"w-post-elm post_image usg_post_image_1 stretched\"><img loading=\"lazy\" decoding=\"async\" width=\"350\" height=\"350\" src=\"https:\/\/galavito.cz\/wp-content\/uploads\/2018\/03\/Reference_White_Hourse_Old_Town-350x350.jpg\" class=\"attachment-us_350_350_crop size-us_350_350_crop wp-post-image\" alt=\"\" srcset=\"https:\/\/galavito.cz\/wp-content\/uploads\/2018\/03\/Reference_White_Hourse_Old_Town-350x350.jpg 350w, https:\/\/galavito.cz\/wp-content\/uploads\/2018\/03\/Reference_White_Hourse_Old_Town-150x150.jpg 150w, https:\/\/galavito.cz\/wp-content\/uploads\/2018\/03\/Reference_White_Hourse_Old_Town-600x600.jpg 600w, https:\/\/galavito.cz\/wp-content\/uploads\/2018\/03\/Reference_White_Hourse_Old_Town-300x300.jpg 300w\" sizes=\"auto, (max-width: 350px) 100vw, 350px\" \/><\/div><div class=\"w-vwrapper usg_vwrapper_1 align_center valign_middle\" style=\"--vwrapper-gap:0.7rem\"><div class=\"w-post-elm post_title usg_post_title_1 has_text_color entry-title color_link_inherit\">White Horse restaurant in Prague<\/div><\/div>\t\t<\/div>\r\n\t\t\t<\/article>\r\n\t<article class=\"w-grid-item size_1x1 post-9908 us_portfolio type-us_portfolio status-publish has-post-thumbnail hentry\" data-id=\"9908\">\r\n\t\t<div class=\"w-grid-item-h\">\r\n\t\t\t\t\t\t<div class=\"w-post-elm post_image usg_post_image_1 stretched\"><img loading=\"lazy\" decoding=\"async\" width=\"350\" height=\"350\" src=\"https:\/\/galavito.cz\/wp-content\/uploads\/2019\/04\/princ-1-1200x750-350x350.jpg\" class=\"attachment-us_350_350_crop size-us_350_350_crop wp-post-image\" alt=\"\" srcset=\"https:\/\/galavito.cz\/wp-content\/uploads\/2019\/04\/princ-1-1200x750-350x350.jpg 350w, https:\/\/galavito.cz\/wp-content\/uploads\/2019\/04\/princ-1-1200x750-150x150.jpg 150w, https:\/\/galavito.cz\/wp-content\/uploads\/2019\/04\/princ-1-1200x750-600x600.jpg 600w, https:\/\/galavito.cz\/wp-content\/uploads\/2019\/04\/princ-1-1200x750-300x300.jpg 300w\" sizes=\"auto, (max-width: 350px) 100vw, 350px\" \/><\/div><div class=\"w-vwrapper usg_vwrapper_1 align_center valign_middle\" style=\"--vwrapper-gap:0.7rem\"><div class=\"w-post-elm post_title usg_post_title_1 has_text_color entry-title color_link_inherit\">Hotel U Prince v Praze<\/div><\/div>\t\t<\/div>\r\n\t\t\t<\/article>\r\n\t<article class=\"w-grid-item size_1x1 post-9905 us_portfolio type-us_portfolio status-publish has-post-thumbnail hentry\" data-id=\"9905\">\r\n\t\t<div class=\"w-grid-item-h\">\r\n\t\t\t\t\t\t<div class=\"w-post-elm post_image usg_post_image_1 stretched\"><img loading=\"lazy\" decoding=\"async\" width=\"350\" height=\"350\" src=\"https:\/\/galavito.cz\/wp-content\/uploads\/2019\/03\/galavito_heating_table_karlovy_vary_pizzeria_petr-350x350.jpg\" class=\"attachment-us_350_350_crop size-us_350_350_crop wp-post-image\" alt=\"\" srcset=\"https:\/\/galavito.cz\/wp-content\/uploads\/2019\/03\/galavito_heating_table_karlovy_vary_pizzeria_petr-350x350.jpg 350w, https:\/\/galavito.cz\/wp-content\/uploads\/2019\/03\/galavito_heating_table_karlovy_vary_pizzeria_petr-300x300.jpg 300w, https:\/\/galavito.cz\/wp-content\/uploads\/2019\/03\/galavito_heating_table_karlovy_vary_pizzeria_petr-150x150.jpg 150w, https:\/\/galavito.cz\/wp-content\/uploads\/2019\/03\/galavito_heating_table_karlovy_vary_pizzeria_petr-600x600.jpg 600w\" sizes=\"auto, (max-width: 350px) 100vw, 350px\" \/><\/div><div class=\"w-vwrapper usg_vwrapper_1 align_center valign_middle\" style=\"--vwrapper-gap:0.7rem\"><div class=\"w-post-elm post_title usg_post_title_1 has_text_color entry-title color_link_inherit\">Pizzeria Petr v Karlov\u00fdch Varech<\/div><\/div>\t\t<\/div>\r\n\t\t\t<\/article>\r\n\t<article class=\"w-grid-item size_1x1 post-9901 us_portfolio type-us_portfolio status-publish has-post-thumbnail hentry\" data-id=\"9901\">\r\n\t\t<div class=\"w-grid-item-h\">\r\n\t\t\t\t\t\t<div class=\"w-post-elm post_image usg_post_image_1 stretched\"><img loading=\"lazy\" decoding=\"async\" width=\"350\" height=\"350\" src=\"https:\/\/galavito.cz\/wp-content\/uploads\/2019\/08\/IMG_9325s-350x350.jpg\" class=\"attachment-us_350_350_crop size-us_350_350_crop wp-post-image\" alt=\"\" srcset=\"https:\/\/galavito.cz\/wp-content\/uploads\/2019\/08\/IMG_9325s-350x350.jpg 350w, https:\/\/galavito.cz\/wp-content\/uploads\/2019\/08\/IMG_9325s-150x150.jpg 150w, https:\/\/galavito.cz\/wp-content\/uploads\/2019\/08\/IMG_9325s-300x300.jpg 300w, https:\/\/galavito.cz\/wp-content\/uploads\/2019\/08\/IMG_9325s-1024x1024.jpg 1024w, https:\/\/galavito.cz\/wp-content\/uploads\/2019\/08\/IMG_9325s-600x600.jpg 600w, https:\/\/galavito.cz\/wp-content\/uploads\/2019\/08\/IMG_9325s.jpg 1600w\" sizes=\"auto, (max-width: 350px) 100vw, 350px\" \/><\/div><div class=\"w-vwrapper usg_vwrapper_1 align_center valign_middle\" style=\"--vwrapper-gap:0.7rem\"><div class=\"w-post-elm post_title usg_post_title_1 has_text_color entry-title color_link_inherit\">Mlad\u00e1 Boleslav air field<\/div><\/div>\t\t<\/div>\r\n\t\t\t<\/article>\r\n\t<article class=\"w-grid-item size_1x1 post-9899 us_portfolio type-us_portfolio status-publish has-post-thumbnail hentry\" data-id=\"9899\">\r\n\t\t<div class=\"w-grid-item-h\">\r\n\t\t\t\t\t\t<div class=\"w-post-elm post_image usg_post_image_1 stretched\"><img loading=\"lazy\" decoding=\"async\" width=\"350\" height=\"350\" src=\"https:\/\/galavito.cz\/wp-content\/uploads\/2019\/08\/IMG_9346s-350x350.jpg\" class=\"attachment-us_350_350_crop size-us_350_350_crop wp-post-image\" alt=\"\" srcset=\"https:\/\/galavito.cz\/wp-content\/uploads\/2019\/08\/IMG_9346s-350x350.jpg 350w, https:\/\/galavito.cz\/wp-content\/uploads\/2019\/08\/IMG_9346s-150x150.jpg 150w, https:\/\/galavito.cz\/wp-content\/uploads\/2019\/08\/IMG_9346s-300x300.jpg 300w, https:\/\/galavito.cz\/wp-content\/uploads\/2019\/08\/IMG_9346s-1024x1024.jpg 1024w, https:\/\/galavito.cz\/wp-content\/uploads\/2019\/08\/IMG_9346s-600x600.jpg 600w, https:\/\/galavito.cz\/wp-content\/uploads\/2019\/08\/IMG_9346s.jpg 1600w\" sizes=\"auto, (max-width: 350px) 100vw, 350px\" \/><\/div><div class=\"w-vwrapper usg_vwrapper_1 align_center valign_middle\" style=\"--vwrapper-gap:0.7rem\"><div class=\"w-post-elm post_title usg_post_title_1 has_text_color entry-title color_link_inherit\">Spring outdoor venue<\/div><\/div>\t\t<\/div>\r\n\t\t\t<\/article>\r\n\t<article class=\"w-grid-item size_1x1 post-9887 us_portfolio type-us_portfolio status-publish has-post-thumbnail hentry\" data-id=\"9887\">\r\n\t\t<div class=\"w-grid-item-h\">\r\n\t\t\t\t\t\t<div class=\"w-post-elm post_image usg_post_image_1 stretched\"><img loading=\"lazy\" decoding=\"async\" width=\"350\" height=\"350\" src=\"https:\/\/galavito.cz\/wp-content\/uploads\/2019\/05\/IMG_5417-350x350.jpg\" class=\"attachment-us_350_350_crop size-us_350_350_crop wp-post-image\" alt=\"\" srcset=\"https:\/\/galavito.cz\/wp-content\/uploads\/2019\/05\/IMG_5417-350x350.jpg 350w, https:\/\/galavito.cz\/wp-content\/uploads\/2019\/05\/IMG_5417-150x150.jpg 150w, https:\/\/galavito.cz\/wp-content\/uploads\/2019\/05\/IMG_5417-300x300.jpg 300w, https:\/\/galavito.cz\/wp-content\/uploads\/2019\/05\/IMG_5417-1024x1024.jpg 1024w, https:\/\/galavito.cz\/wp-content\/uploads\/2019\/05\/IMG_5417-600x600.jpg 600w, https:\/\/galavito.cz\/wp-content\/uploads\/2019\/05\/IMG_5417.jpg 1200w\" sizes=\"auto, (max-width: 350px) 100vw, 350px\" \/><\/div><div class=\"w-vwrapper usg_vwrapper_1 align_center valign_middle\" style=\"--vwrapper-gap:0.7rem\"><div class=\"w-post-elm post_title usg_post_title_1 has_text_color entry-title color_link_inherit\">Svatba Dany a Mojm\u00edra<\/div><\/div>\t\t<\/div>\r\n\t\t\t<\/article>\r\n<\/div>\t<div class=\"w-grid-preloader\">\r\n\t\t<div class=\"g-preloader type_1\">\r\n\t\t\t<div><\/div>\r\n\t\t<\/div>\r\n\t<\/div>\r\n\t\t<div class=\"w-grid-json hidden\" onclick='return {&quot;action&quot;:&quot;us_ajax_grid&quot;,&quot;infinite_scroll&quot;:0,&quot;max_num_pages&quot;:1,&quot;pagination&quot;:&quot;none&quot;,&quot;template_vars&quot;:{&quot;columns&quot;:&quot;6&quot;,&quot;exclude_items&quot;:&quot;none&quot;,&quot;img_size&quot;:&quot;us_350_350_crop&quot;,&quot;ignore_items_size&quot;:0,&quot;items_layout&quot;:&quot;portfolio_compact&quot;,&quot;items_offset&quot;:&quot;1&quot;,&quot;load_animation&quot;:&quot;none&quot;,&quot;overriding_link&quot;:&quot;{\\&quot;url\\&quot;:\\&quot;\\&quot;}&quot;,&quot;post_id&quot;:0,&quot;query_args&quot;:{&quot;post_type&quot;:[&quot;us_portfolio&quot;],&quot;post_status&quot;:[&quot;publish&quot;],&quot;posts_per_page&quot;:&quot;6&quot;},&quot;orderby_query_args&quot;:{&quot;orderby&quot;:{&quot;date&quot;:&quot;DESC&quot;}},&quot;type&quot;:&quot;grid&quot;,&quot;us_grid_post_type&quot;:&quot;us_portfolio&quot;,&quot;us_grid_ajax_index&quot;:1,&quot;us_grid_filter_query_string&quot;:null,&quot;us_grid_index&quot;:1,&quot;page_args&quot;:[],&quot;lang&quot;:&quot;fr&quot;}}'><\/div>\r\n\t<\/div><\/div><\/div><\/div><\/div><\/div><\/section><section class=\"l-section wpb_row height_medium color_secondary\" id=\"vyhody\"><div class=\"l-section-h i-cf\"><div class=\"g-cols vc_row via_flex valign_top type_default stacking_default\"><div class=\"vc_col-sm-12 wpb_column vc_column_container\"><div class=\"vc_column-inner\"><div class=\"wpb_wrapper\"><div class=\"wpb_text_column\"><div class=\"wpb_wrapper\"><p><strong>Des terrasses pleines d&rsquo;invit\u00e9s toute l&rsquo;ann\u00e9e<\/strong><br \/>\nTout le monde aime rester dehors, m\u00eame pendant les jours les plus froids. Une terrasse chauff\u00e9e et cosy dynamisera vos ventes en remplissant votre terrasse de clients.<\/p>\n<p><strong>Exp\u00e9rience attrayante qui attire<\/strong><br \/>\nUn design \u00e9l\u00e9gant qui chauffe imm\u00e9diatement et qui donnent \u00e0 votre entreprise l&rsquo;avantage concurrentiel dont elle a besoin.<\/p>\n<p><strong>6 fois plus \u00e9conomique que les appareils de chauffage au gaz<\/strong><br \/>\nLe radiateur exploite le rayonnement infrarouge &#8211; il chauffe les personnes, pas l&rsquo;air.<\/p>\n<p><strong>Frais de fonctionnement \u00e0 partir de 6 CZK \/ heure<\/strong><br \/>\nL&rsquo;investissement dans la table chauffante revient dans un mois, si la table est utilis\u00e9e r\u00e9guli\u00e8rement.<\/p>\n<p><strong>Produit tch\u00e8que assembl\u00e9 \u00e0 la main<\/strong><br \/>\nChaque table chauffante est faite de pi\u00e8ces tch\u00e8ques et assembl\u00e9e \u00e0 Prague.<\/p>\n<p><strong>Fonctionnement respectueux de l&rsquo;environnement<\/strong><br \/>\nLa table chauffante ne d\u00e9gage pas de gaz ou de fum\u00e9es comme le font les radiateurs \u00e0 gaz. Elle est consciente de l\u2019environnement et ne restreint pas les invit\u00e9s.<\/p>\n<p><strong>Certification et s\u00e9curit\u00e9, protection IP44<\/strong><br \/>\nLe radiateur ext\u00e9rieur r\u00e9pond aux normes de s\u00e9curit\u00e9 strictes tch\u00e8ques et europ\u00e9ennes.<\/p>\n<p><strong>Conception individuelle sur mesure<\/strong><br \/>\nPossibilit\u00e9 de personnaliser l&rsquo;apparence de l&rsquo;appareil de chauffage ou du plateau de la table : ajout de votre logo ou motif de conception sur la base du produit.<\/p>\n<\/div><\/div><\/div><\/div><\/div><\/div><\/div><\/section><section class=\"l-section wpb_row height_small\"><div class=\"l-section-h i-cf\"><div class=\"g-cols vc_row via_flex valign_top type_default stacking_default\"><div class=\"vc_col-sm-12 wpb_column vc_column_container\"><div class=\"vc_column-inner\"><div class=\"wpb_wrapper\"><div class=\"wpb_text_column\"><div class=\"wpb_wrapper\"><h2>R\u00e9f\u00e9rences<\/h2>\n<\/div><\/div><div class=\"w-separator size_medium\"><\/div><div class=\"w-grid us_grid type_masonry layout_testimonial_6 cols_3 preload_style_spinner with_isotope\" id=\"us_grid_2\" style=\"--columns:3;--gap:2.0rem;\" data-filterable=\"true\"><style>@media (max-width:1024px){#us_grid_2{--columns:2!important}}@media (max-width:600px){#us_grid_2{--columns:1!important}}.layout_testimonial_6 .w-grid-item-h{}.layout_testimonial_6 .usg_hwrapper_1{padding-top:1.5rem!important;padding-right:2.5rem!important;padding-left:2.5rem!important}.layout_testimonial_6 .usg_post_image_1{width:4rem!important;margin-left:0!important;margin-right:1rem!important}.layout_testimonial_6 .usg_post_custom_field_1{font-weight:700!important;line-height:1.5!important;margin-bottom:0!important}.layout_testimonial_6 .usg_post_custom_field_2{color:var(--color-content-faded)!important;font-size:0.9rem!important;line-height:1.5!important}.layout_testimonial_6 .usg_vwrapper_2{color:var(--color-content-text)!important;border-radius:var(--site-border-radius)!important;background:var(--color-content-bg-alt)!important;padding:2rem 2.5rem 2rem 2.5rem!important}.layout_testimonial_6 .usg_post_custom_field_3{color:#fb0!important}<\/style><div class=\"w-grid-list\">\t<article class=\"w-grid-item size_1x1 post-9916 us_testimonial type-us_testimonial status-publish hentry\" data-id=\"9916\">\r\n\t\t<div class=\"w-grid-item-h\">\r\n\t\t\t\t\t\t<div class=\"w-vwrapper usg_vwrapper_2 grid_arrow_bottom has_text_color align_none valign_top\" style=\"--vwrapper-gap:0.7rem\"><div class=\"w-post-elm post_content usg_post_content_1\"><p>L&rsquo;investissement dans les tables chauffantes <strong>est rentable apr\u00e8s seulement quelques jours<\/strong>. Non seulement les clients appr\u00e9cient le confort pendant les soir\u00e9es froides, mais <strong>la visibilit\u00e9 de notre restaurant est beaucoup plus \u00e9lev\u00e9e<\/strong>. La qualit\u00e9 des produits est incontestable et je suis heureux que nous ayons coop\u00e9r\u00e9 avec vous. Je suis fier qu&rsquo;il existe une entreprise sur le march\u00e9 tch\u00e8que avec des produits et services de haute qualit\u00e9 que je n&rsquo;aurai pas peur de recommander \u00e0 d&rsquo;autres coll\u00e8gues.<\/p>\n<\/div><\/div><div class=\"w-hwrapper usg_hwrapper_1 align_none valign_middle\" style=\"--hwrapper-gap:1.2rem\"><div class=\"w-vwrapper usg_vwrapper_1 align_none valign_top\" style=\"--vwrapper-gap:0.7rem\"><div class=\"w-post-elm post_custom_field usg_post_custom_field_1 type_text us_testimonial_author\"><span class=\"w-post-elm-value\">Directeur de l'h\u00f4tel Dominican<\/span><\/div><div class=\"w-post-elm post_custom_field usg_post_custom_field_2 has_text_color type_text us_testimonial_role color_link_inherit\"><span class=\"w-post-elm-value\"><\/span><\/div><\/div><\/div>\t\t<\/div>\r\n\t\t\t<\/article>\r\n\t<article class=\"w-grid-item size_1x1 post-9917 us_testimonial type-us_testimonial status-publish hentry\" data-id=\"9917\">\r\n\t\t<div class=\"w-grid-item-h\">\r\n\t\t\t\t\t\t<div class=\"w-vwrapper usg_vwrapper_2 grid_arrow_bottom has_text_color align_none valign_top\" style=\"--vwrapper-gap:0.7rem\"><div class=\"w-post-elm post_content usg_post_content_1\"><p>Les tables chauffantes Galavito ont rendu notre f\u00eate du Nouvel An bien meilleure pour nos employ\u00e9s. <strong>Il gelait dehors<\/strong> et les tables chauffantes n&rsquo;\u00e9taient pas seulement <strong>agr\u00e9ables<\/strong> pour les fumeurs, mais aussi pour les personnes qui attendaient les repas du food truck. <strong>Depuis tout le d\u00e9but,<\/strong> <strong>toutes les tables chauffantes \u00e9taient pleines<\/strong>.<\/p>\n<\/div><\/div><div class=\"w-hwrapper usg_hwrapper_1 align_none valign_middle\" style=\"--hwrapper-gap:1.2rem\"><div class=\"w-vwrapper usg_vwrapper_1 align_none valign_top\" style=\"--vwrapper-gap:0.7rem\"><div class=\"w-post-elm post_custom_field usg_post_custom_field_1 type_text us_testimonial_author\"><span class=\"w-post-elm-value\">Sp\u00e9cialiste marketing chez CzechInvest<\/span><\/div><div class=\"w-post-elm post_custom_field usg_post_custom_field_2 has_text_color type_text us_testimonial_role color_link_inherit\"><span class=\"w-post-elm-value\"><\/span><\/div><\/div><\/div>\t\t<\/div>\r\n\t\t\t<\/article>\r\n\t<article class=\"w-grid-item size_1x1 post-9919 us_testimonial type-us_testimonial status-publish hentry\" data-id=\"9919\">\r\n\t\t<div class=\"w-grid-item-h\">\r\n\t\t\t\t\t\t<div class=\"w-vwrapper usg_vwrapper_2 grid_arrow_bottom has_text_color align_none valign_top\" style=\"--vwrapper-gap:0.7rem\"><div class=\"w-post-elm post_content usg_post_content_1\"><p>Gr\u00e2ce aux tables chauffantes Galavito Heating Table, <strong>nous avons prolong\u00e9 notre saison ext\u00e9rieure<\/strong>, ce qui a \u00e9t\u00e9 appr\u00e9ci\u00e9 non seulement par nos clients, mais aussi par nous au restaurant. <strong>Les co\u00fbts de fonctionnement<\/strong> des tables chauffantes <strong>sont minimes par rapport aux appareils de chauffage au gaz <\/strong>par exemple. Il n&rsquo;est plus n\u00e9cessaire d&rsquo;utiliser et de stocker des bouteilles de gaz dans notre restaurant. Gr\u00e2ce aux tables chauffantes Galavito, nous pouvons offrir \u00e0 nos clients un s\u00e9jour agr\u00e9able dans nos espaces ext\u00e9rieurs, m\u00eame pendant les mois les plus froids.<\/p>\n<\/div><\/div><div class=\"w-hwrapper usg_hwrapper_1 align_none valign_middle\" style=\"--hwrapper-gap:1.2rem\"><div class=\"w-vwrapper usg_vwrapper_1 align_none valign_top\" style=\"--vwrapper-gap:0.7rem\"><div class=\"w-post-elm post_custom_field usg_post_custom_field_1 type_text us_testimonial_author\"><span class=\"w-post-elm-value\">G\u00e9rant du restaurant de steaks Beef & Beer, Uhersk\u00e9 Hradi\u0161t\u011b<\/span><\/div><div class=\"w-post-elm post_custom_field usg_post_custom_field_2 has_text_color type_text us_testimonial_role color_link_inherit\"><span class=\"w-post-elm-value\"><\/span><\/div><\/div><\/div>\t\t<\/div>\r\n\t\t\t<\/article>\r\n<\/div>\t<div class=\"w-grid-preloader\">\r\n\t\t<div class=\"g-preloader type_1\">\r\n\t\t\t<div><\/div>\r\n\t\t<\/div>\r\n\t<\/div>\r\n\t\t<div class=\"w-grid-json hidden\" onclick='return {&quot;action&quot;:&quot;us_ajax_grid&quot;,&quot;infinite_scroll&quot;:0,&quot;max_num_pages&quot;:1,&quot;pagination&quot;:&quot;none&quot;,&quot;template_vars&quot;:{&quot;columns&quot;:&quot;3&quot;,&quot;exclude_items&quot;:&quot;none&quot;,&quot;img_size&quot;:&quot;default&quot;,&quot;ignore_items_size&quot;:0,&quot;items_layout&quot;:&quot;testimonial_6&quot;,&quot;items_offset&quot;:&quot;1&quot;,&quot;load_animation&quot;:&quot;none&quot;,&quot;overriding_link&quot;:&quot;{\\&quot;url\\&quot;:\\&quot;\\&quot;}&quot;,&quot;post_id&quot;:0,&quot;query_args&quot;:{&quot;post_type&quot;:[&quot;us_testimonial&quot;],&quot;post_status&quot;:[&quot;publish&quot;],&quot;posts_per_page&quot;:&quot;5&quot;},&quot;orderby_query_args&quot;:{&quot;orderby&quot;:{&quot;date&quot;:&quot;ASC&quot;}},&quot;type&quot;:&quot;masonry&quot;,&quot;us_grid_post_type&quot;:&quot;us_testimonial&quot;,&quot;us_grid_ajax_index&quot;:2,&quot;us_grid_filter_query_string&quot;:null,&quot;us_grid_index&quot;:2,&quot;page_args&quot;:[],&quot;lang&quot;:&quot;fr&quot;}}'><\/div>\r\n\t<\/div><div class=\"w-separator size_small\"><\/div><div class=\"w-btn-wrapper align_center\"><a class=\"w-btn us-btn-style_1\" title=\"Reference\" href=\"\/reference\/\"><span class=\"w-btn-label\">Dal\u0161\u00ed reference<\/span><\/a><\/div><\/div><\/div><\/div><\/div><\/div><\/section><section class=\"l-section wpb_row height_medium color_secondary with_img\" id=\"pribeh\"><div class=\"l-section-img\" role=\"img\" aria-label=\"Image\" data-img-width=\"1600\" data-img-height=\"1067\" style=\"background-image: url(https:\/\/galavito.cz\/wp-content\/uploads\/2019\/10\/bottom-story-background.jpg);background-repeat: no-repeat;\"><\/div><div class=\"l-section-overlay\" style=\"background:rgba(0,0,0,0.65)\"><\/div><div class=\"l-section-h i-cf\"><div class=\"g-cols vc_row via_flex valign_bottom type_default stacking_default\"><div class=\"vc_col-sm-12 wpb_column vc_column_container\"><div class=\"vc_column-inner\"><div class=\"wpb_wrapper\"><div class=\"wpb_text_column\"><div class=\"wpb_wrapper\"><div class=\"wpb_text_column wpb_content_element \">\n<div class=\"wpb_wrapper\">\n<h2 class=\"widget-sub-title dfd-sub-title \">Une nuit d&rsquo;hiver froide et pluvieuse nous a donn\u00e9 l&rsquo;id\u00e9e<\/h2>\n<div class=\"wpb_text_column wpb_content_element \">\n<div class=\"wpb_wrapper\">\n<p>C&rsquo;\u00e9tait en 2013. <strong>Nous \u00e9tions assis \u00e0 Istanbul, regardant la tour symbolique de Galata du 14\u00e8me si\u00e8cle et nous avions tr\u00e8s froid<\/strong>. Des gouttes de pluie tombaient sur nos t\u00eates et le froid changeait de beaux moments en moments d\u00e9sagr\u00e9ables. Nous souhaitions quelque chose qui nous r\u00e9chauffe et en m\u00eame temps ne nous oblige pas \u00e0 quitter notre place \u00e0 l&rsquo;ext\u00e9rieur. \u00c0 ce moment, notre r\u00eave a commenc\u00e9 \u00e0 se mat\u00e9rialiser.<\/p>\n<p>C&rsquo;est le symbole d&rsquo;Istanbul, la tour de Galata, qui a donn\u00e9 son nom \u00e0 notre id\u00e9e cr\u00e9ative, \u00e0 notre d\u00e9termination et \u00e0 notre r\u00eave d\u2019entreprise : un chauffage \u00e9lectrique con\u00e7u pour permettre aux gens de passer un moment confortable \u00e0 l&rsquo;ext\u00e9rieur.<\/p>\n<p>Nous avons invent\u00e9 la table chauffante Galavito Heating Table pour qu\u00b4<strong>elle fonctionne de mani\u00e8re fiable dans toutes les conditions,<\/strong> pour qu\u00b4elle soit s\u00fbre et offre des moments agr\u00e9ables \u00e0 ses utilisateurs. Elle allie une \u00e9l\u00e9gance orientale et une praticit\u00e9 europ\u00e9enne.<\/p>\n<p><strong>Les premi\u00e8res \u00e9tapes du d\u00e9veloppement<\/strong> ont \u00e9t\u00e9 r\u00e9alis\u00e9es en collaboration avec l&rsquo;Universit\u00e9 technique tch\u00e8que (CTU) de Prague. Toutes nos activit\u00e9s, de la fabrication au recyclage des produits, se font dans le respect de l&rsquo;environnement et avec l&rsquo;intention de minimiser l&rsquo;impact environnemental.<\/p>\n<p>Notre radiateur \u00e9lectrique ext\u00e9rieur, plac\u00e9 dans la base de la table, est utilis\u00e9 par de nombreuses entreprises et m\u00e9nages. Gr\u00e2ce \u00e0 leurs retours, <strong>nous continuons le d\u00e9veloppement<\/strong> afin de rendre nos clients de plus en plus satisfait.<\/p>\n<p>Pour Galavito<\/p>\n<p><strong>Ece Erg\u00fcney Hn\u00e1tkov\u00e1 et Milan Hn\u00e1tek<\/strong><\/p>\n<\/div>\n<\/div>\n<\/div>\n<\/div>\n<\/div><\/div><\/div><\/div><\/div><\/div><\/div><\/section>\n","protected":false},"excerpt":{"rendered":"Gr\u00e2ce aux tables chauffantes Galavito Heating Table, nous avons prolong\u00e9 notre saison ext\u00e9rieure, ce qui a \u00e9t\u00e9 appr\u00e9ci\u00e9 non seulement par nos clients, mais aussi par nous au restaurant. Les co\u00fbts de fonctionnement des tables chauffantes sont minimes par rapport aux appareils de chauffage au gaz par exemple. Il n'est plus n\u00e9cessaire d'utiliser et de...","protected":false},"author":2,"featured_media":0,"parent":0,"menu_order":0,"comment_status":"closed","ping_status":"closed","template":"","meta":{"footnotes":""},"class_list":["post-8301","page","type-page","status-publish","hentry"],"aioseo_notices":[],"_links":{"self":[{"href":"https:\/\/galavito.cz\/fr\/wp-json\/wp\/v2\/pages\/8301","targetHints":{"allow":["GET"]}}],"collection":[{"href":"https:\/\/galavito.cz\/fr\/wp-json\/wp\/v2\/pages"}],"about":[{"href":"https:\/\/galavito.cz\/fr\/wp-json\/wp\/v2\/types\/page"}],"author":[{"embeddable":true,"href":"https:\/\/galavito.cz\/fr\/wp-json\/wp\/v2\/users\/2"}],"replies":[{"embeddable":true,"href":"https:\/\/galavito.cz\/fr\/wp-json\/wp\/v2\/comments?post=8301"}],"version-history":[{"count":0,"href":"https:\/\/galavito.cz\/fr\/wp-json\/wp\/v2\/pages\/8301\/revisions"}],"wp:attachment":[{"href":"https:\/\/galavito.cz\/fr\/wp-json\/wp\/v2\/media?parent=8301"}],"curies":[{"name":"wp","href":"https:\/\/api.w.org\/{rel}","templated":true}]}}